{"id":22,"name":"informacja-dotyczaca-przetwarzania-danych-osobowych","title":"Informacja dotycz\u0105ca przetwarzania danych osobowych","desc":"","header":"Informacja dotycz\u0105ca przetwarzania danych osobowych","lead":"","keywords":"","changes":"aktualizacja danych","menu":"Dane osobowe","path":"\/informacja-dotyczaca-przetwarzania-danych-osobowych.html","url":"\/informacja-dotyczaca-przetwarzania-danych-osobowych.html","infoOwner":"Jednostka 3","dateFirstPublicate":"2021-08-12 14:28:30","dateLastVersionPublicate":"2024-03-15 11:54:59","dateAvailableFrom":"2022-10-21 14:28:11","dateAvailableTo":"","type":"jednostki_Zwyk\u0142a","pageParams":[],"components":[{"id":"93bb94fe-7312-11e9-90c1-000c290e6fc2","type":"SectionDescription","name":"","description":"Zajawka sekcji","content":[]},{"id":"93bbe8e3-7312-11e9-90c1-000c290e6fc2","type":"PageTitle","name":"Tytu\u0142 strony","description":"Tytu\u0142 strony","content":{"title":"Informacja dotycz\u0105ca przetwarzania danych osobowych"}},{"id":"93bc435c-7312-11e9-90c1-000c290e6fc2","type":"PageDescription","name":"","description":"Zajawka strony","content":[]},{"id":"93bcef8e-7312-11e9-90c1-000c290e6fc2","type":"ContentWYSIWYG","name":"Tre\u015b\u0107","description":"Tre\u015b\u0107 strony","content":{"content":"\u003Cp\u003EZgodnie z art. 13 ust. 1 i ust. 2 Rozporz\u0105dzenia Parlamentu Europejskiego I Rady (UE) 2016\/679 z dnia 27 kwietnia 2016 r. w sprawie ochrony os\u00f3b fizycznych w zwi\u0105zku z przetwarzaniem danych osobowych i w sprawie swobodnego przep\u0142ywu takich danych oraz\u00a0uchylenia dyrektywy 95\/46\/WE (zwanym dalej rozporz\u0105dzeniem 2016\/679) informujemy, i\u017c:\u003C\/p\u003E\n\u003Cp\u003E1)\u00a0Administratorem Pani\/Pana danych osobowych jest Zesp\u00f3\u0142 Pie\u015bni i Ta\u0144ca \u201e\u015al\u0105sk\u201d im. Stanis\u0142awa Hadyny (zwany dalej Zespo\u0142em). Siedziba administratora znajduje si\u0119 w Kosz\u0119cinie (42-286), ul. Zamkowa 3, tel. +48 (34) 310 64 15, e-mail: \u003Ca href=\u0022mailto:info@zespolslask.pl\u0022\u003Einfo@zespolslask.pl\u003C\/a\u003E, \u003Ca href=\u0022http:\/\/www.zespolslask.pl\u0022\u003Ewww.zespolslask.pl\u003C\/a\u003E\u003C\/p\u003E\n\u003Cp\u003E2) Zosta\u0142a wyznaczona osoba do kontaktu w sprawie przetwarzania danych osobowych - inspektor ochrony danych \u003Cspan\u003ES\u0142awomir Stojek\u003C\/span\u003E. Adres\u00a0e-mail:\u00a0\u003Ca href=\u0022mailto:dane.osobowe@zespolslask.pl\u0022\u003Edane.osobowe@zespolslask.pl\u003C\/a\u003E, pozosta\u0142e dane teleadresowe takie jak powy\u017cej.\u00a0\u00a0\u003C\/p\u003E\n\u003Cp\u003E3) Pani\/Pana dane osobowe przetwarzane b\u0119d\u0105 w celu za\u0142atwienia spraw, kt\u00f3re le\u017c\u0105 w kompetencji\u00a0Zesp\u00f3\u0142 Pie\u015bni i Ta\u0144ca \u201e\u015al\u0105sk\u201d im. Stanis\u0142awa Hadyny\u003C\/p\u003E\n\u003Cp\u003EDane osobowe przetwarzamy poniewa\u017c:\u003C\/p\u003E\n\u003Cul\u003E\n\u003Cli\u003Ewykonujemy obowi\u0105zki prawne (art. 6. ust. 1 lit. c rozporz\u0105dzenia 2016\/679);\u003C\/li\u003E\n\u003Cli\u003Ewykonujemy zadania w interesie publicznym\u00a0(art. 6. ust. 1 lit. e rozporz\u0105dzenia 2016\/679);\u003C\/li\u003E\n\u003Cli\u003Ewykonujemy zobowi\u0105zania umowne (art. 6. ust. 1 lit. b rozporz\u0105dzenia 2016\/679).\u003C\/li\u003E\n\u003C\/ul\u003E\n\u003Cp\u003EW szczeg\u00f3lnych sytuacjach mog\u0105 istnie\u0107 tak\u017ce inne powody, np. ustalanie, dochodzenie lub obrona roszcze\u0144 lub wyra\u017cona przez Pani\u0105\/Pana zgoda.\u003C\/p\u003E\n\u003Cp\u003EInformacje o konkretnych celach przetwarzania, podstawach prawnych zostan\u0105 przekazane w ramach realizacji danej sprawy, np.\u00a0na\u00a0dedykowanym formularzu, je\u015bli ma zastosowanie.\u003C\/p\u003E\n\u003Cp\u003E4) W okre\u015blonych sytuacjach Pani\/Pana dane osobowe mog\u0105 by\u0107 przekazywane innym podmiotom. W przypadku innych organ\u00f3w administracji publicznej podstaw\u0105 przekazywania b\u0119d\u0105 w\u0142a\u015bciwe dla danej sytuacji przepisy prawa.\u003C\/p\u003E\n\u003Cp\u003EPonadto odbiorcami Pani\/Pana danych osobowych b\u0119d\u0105 osoby upowa\u017cnione przez administratora danych osobowych, dostawcy us\u0142ug w takich obszarach jak: us\u0142ugi pocztowe lub kurierskie, wykonywanie lub dostarczanie \u00a0system\u00f3w informatycznych niezb\u0119dnych do\u00a0funkcjonowania\u00a0Zespo\u0142u, obs\u0142uga archiwalna, bankowa w zakresie realizacji p\u0142atno\u015bci.\u003C\/p\u003E\n\u003Cp\u003EPonadto w zakresie stanowi\u0105cym informacj\u0119 publiczn\u0105 dane b\u0119d\u0105 ujawniane ka\u017cdemu zainteresowanemu tak\u0105 informacj\u0105 lub\u00a0publikowane w BIP Zespo\u0142u.\u003C\/p\u003E\n\u003Cp\u003E5) Pani\/Pana dane osobowe b\u0119d\u0105 przechowywane przez okres, kt\u00f3ry b\u0119dzie indywidualny w zale\u017cno\u015bci od rodzaju sprawy, kt\u00f3rej\u00a0Pani\/Pana dane osobowe b\u0119d\u0105 dotyczy\u0107.\u003C\/p\u003E\n\u003Cp\u003EOkres przechowywania wynika\u0142 b\u0119dzie z przepis\u00f3w prawa maj\u0105cych zastosowanie do za\u0142atwienia Pani\/Pana sprawy.\u003C\/p\u003E\n\u003Cp\u003E6) W zwi\u0105zku z przetwarzaniem przez Zesp\u00f3\u0142 danych osobowych, posiada Pani\/Pan szereg praw:\u003C\/p\u003E\n\u003Cul\u003E\n\u003Cli\u003Edost\u0119pu do swoich danych osobowych i informacji na temat sposobu ich przetwarzania,\u003C\/li\u003E\n\u003Cli\u003E\u017c\u0105dania ich sprostowania,\u003C\/li\u003E\n\u003Cli\u003E\u017c\u0105dania usuni\u0119cia lub ograniczenia przetwarzania,\u003C\/li\u003E\n\u003Cli\u003Ewniesienia sprzeciwu wobec przetwarzania w sytuacji, gdy podstaw\u0105 ich przetwarzania jest art. 6 ust. 1 lit. e rozporz\u0105dzenia\u00a02016\/679.\u003C\/li\u003E\n\u003C\/ul\u003E\n\u003Cp\u003EW przypadkach gdy dane osobowe przetwarzane s\u0105 na podstawie zgody ma Pani\/Pan prawo do cofni\u0119cia tej zgody w dowolnym momencie bez wp\u0142ywu na zgodno\u015b\u0107 z prawem przetwarzania, kt\u00f3rego dokonano na podstawie zgody przed jej cofni\u0119ciem.\u003C\/p\u003E\n\u003Cp\u003EPrawa te mog\u0105 w szczeg\u00f3lnych przypadkach podlega\u0107 ograniczeniom wynikaj\u0105cym z przepis\u00f3w prawa.\u003C\/p\u003E\n\u003Cp\u003EPowy\u017csze prawa mo\u017cna realizowa\u0107 kontaktuj\u0105c si\u0119 z administratorem lub inspektorem ochrony danych.\u003C\/p\u003E\n\u003Cp\u003EPonadto istnieje mo\u017cliwo\u015b\u0107 wniesienia skargi do Prezesa Urz\u0119du Ochrony Danych Osobowych gdy uzna Pani\/Pan, i\u017c przetwarzanie danych osobowych dotycz\u0105cych narusza przepisy og\u00f3lnego rozporz\u0105dzenia o ochronie danych osobowych.\u003C\/p\u003E\n\u003Cp\u003E7) Podanie przez Pani\u0105\/Pana danych osobowych jest obowi\u0105zkowe, chyba \u017ce w konkretnej sytuacji zostanie przekazana informacja, \u017ce\u00a0podanie danych jest dobrowolne.\u003C\/p\u003E\n\u003Cp\u003EKonsekwencj\u0105 niepodania danych osobowych, tam gdzie jest to obowi\u0105zkowe \u00a0b\u0119dzie brak mo\u017cliwo\u015bci realizacji Pani\/Pana sprawy czy\u00a0zawarcia umowy.\u003C\/p\u003E","promotion":false}},{"id":"93bd42ce-7312-11e9-90c1-000c290e6fc2","type":"Gallery","name":"Galeria","description":"Galeria"},{"id":"93bd956b-7312-11e9-90c1-000c290e6fc2","type":"Attachment","name":"Za\u0142\u0105czniki","description":"Za\u0142\u0105czniki do strony"},{"id":"d63e71ef-92cf-11f0-b976-00505697ccff","type":"PageThumbnail","name":"","description":"Miniaturka strony","content":[]}]}